{"id":474,"date":"2018-02-12T17:05:01","date_gmt":"2018-02-12T16:05:01","guid":{"rendered":"https:\/\/arboripaysage.fr\/?page_id=474"},"modified":"2018-02-14T09:40:46","modified_gmt":"2018-02-14T08:40:46","slug":"paysagiste-bry","status":"publish","type":"page","link":"https:\/\/arboripaysage.fr\/index.php\/paysagiste-bry\/","title":{"rendered":"Bry"},"content":{"rendered":"<p>[et_pb_section bb_built=\u00a0\u00bb1&Prime;][et_pb_row][et_pb_column type=\u00a0\u00bb1_2&Prime;][et_pb_image _builder_version=\u00a0\u00bb3.0.100&Prime; src=\u00a0\u00bbhttps:\/\/arboripaysage.fr\/wp-content\/uploads\/2018\/02\/Taille-architectur\u00e9e-Bry.jpg\u00a0\u00bb show_in_lightbox=\u00a0\u00bbon\u00a0\u00bb url_new_window=\u00a0\u00bboff\u00a0\u00bb use_overlay=\u00a0\u00bboff\u00a0\u00bb always_center_on_mobile=\u00a0\u00bbon\u00a0\u00bb force_fullwidth=\u00a0\u00bboff\u00a0\u00bb show_bottom_space=\u00a0\u00bbon\u00a0\u00bb align=\u00a0\u00bbcenter\u00a0\u00bb max_width=\u00a0\u00bb50%\u00a0\u00bb \/][\/et_pb_column][et_pb_column type=\u00a0\u00bb1_2&Prime;][et_pb_text _builder_version=\u00a0\u00bb3.0.100&Prime; background_layout=\u00a0\u00bblight\u00a0\u00bb text_font=\u00a0\u00bbgabriola||||||||\u00a0\u00bb header_font=\u00a0\u00bbgabriola||||||||\u00a0\u00bb]<\/p>\n<h2 style=\"text-align: center;\"><span style=\"font-size: 24pt;\">Taille d&rsquo;un vieux Juniperus sur Bry<\/span><\/h2>\n<p style=\"text-align: center;\"><span style=\"font-size: 14pt;\">Apr\u00e8s plusieurs ann\u00e9es sans entretien, la propri\u00e9taire de ce sujet voulait supprimer ce conif\u00e8re. Madame le trouvait trop encombrant, inesth\u00e9tique, selon elle cet arbuste n&rsquo;\u00e9tait pas pertinent \u00e0 cet endroit. Tout d&rsquo;abord nous en avons donc discut\u00e9 et \u00e9tudi\u00e9 les diff\u00e9rentes possibilit\u00e9s et f<\/span><span style=\"font-size: 18.6667px;\">inalement, a<\/span><span style=\"font-size: 14pt;\">pr\u00e8s quelques coups de cisaille, ma cliente ne regrette pas avoir conserv\u00e9 ce sujet ayant une valeur sentimentale.<\/span><\/p>\n<p>[\/et_pb_text][\/et_pb_column][\/et_pb_row][et_pb_row][et_pb_column type=\u00a0\u00bb1_2&Prime;][et_pb_image _builder_version=\u00a0\u00bb3.0.100&Prime; src=\u00a0\u00bbhttps:\/\/arboripaysage.fr\/wp-content\/uploads\/2018\/02\/Projet-Celine-et-Yann.jpg\u00a0\u00bb show_in_lightbox=\u00a0\u00bbon\u00a0\u00bb url_new_window=\u00a0\u00bboff\u00a0\u00bb use_overlay=\u00a0\u00bboff\u00a0\u00bb align=\u00a0\u00bbcenter\u00a0\u00bb always_center_on_mobile=\u00a0\u00bbon\u00a0\u00bb force_fullwidth=\u00a0\u00bboff\u00a0\u00bb max_width=\u00a0\u00bb50%\u00a0\u00bb show_bottom_space=\u00a0\u00bbon\u00a0\u00bb \/][\/et_pb_column][et_pb_column type=\u00a0\u00bb1_2&Prime;][et_pb_text _builder_version=\u00a0\u00bb3.0.100&Prime; background_layout=\u00a0\u00bblight\u00a0\u00bb text_font=\u00a0\u00bbgabriola||||||||\u00a0\u00bb header_font=\u00a0\u00bbgabriola||||||||\u00a0\u00bb]<\/p>\n<h2 style=\"text-align: center;\"><span style=\"font-size: 24pt;\">R\u00e9am\u00e9nagement de fond de jardin sur Bry<\/span><\/h2>\n<p style=\"text-align: center;\"><span style=\"font-size: 14pt;\">Apr\u00e8s plusieurs ann\u00e9es de vie dans la maison, mes clients d\u00e9siraient retravailler leur jardin, l&rsquo;adapter \u00e0 leurs besoins, leurs go\u00fbts.<\/span><\/p>\n<p>[\/et_pb_text][\/et_pb_column][\/et_pb_row][\/et_pb_section]<\/p>\n","protected":false},"excerpt":{"rendered":"<p>[et_pb_section bb_built=\u00a0\u00bb1&Prime;][et_pb_row][et_pb_column type=\u00a0\u00bb1_2&Prime;][et_pb_image _builder_version=\u00a0\u00bb3.0.100&Prime; src=\u00a0\u00bbhttps:\/\/arboripaysage.fr\/wp-content\/uploads\/2018\/02\/Taille-architectur\u00e9e-Bry.jpg\u00a0\u00bb show_in_lightbox=\u00a0\u00bbon\u00a0\u00bb url_new_window=\u00a0\u00bboff\u00a0\u00bb use_overlay=\u00a0\u00bboff\u00a0\u00bb always_center_on_mobile=\u00a0\u00bbon\u00a0\u00bb force_fullwidth=\u00a0\u00bboff\u00a0\u00bb show_bottom_space=\u00a0\u00bbon\u00a0\u00bb align=\u00a0\u00bbcenter\u00a0\u00bb max_width=\u00a0\u00bb50%\u00a0\u00bb \/][\/et_pb_column][et_pb_column type=\u00a0\u00bb1_2&Prime;][et_pb_text _builder_version=\u00a0\u00bb3.0.100&Prime; background_layout=\u00a0\u00bblight\u00a0\u00bb text_font=\u00a0\u00bbgabriola||||||||\u00a0\u00bb header_font=\u00a0\u00bbgabriola||||||||\u00a0\u00bb] Taille d&rsquo;un vieux Juniperus sur Bry Apr\u00e8s plusieurs ann\u00e9es sans entretien, la propri\u00e9taire de ce sujet voulait supprimer ce conif\u00e8re. Madame le trouvait trop encombrant, inesth\u00e9tique, selon elle cet arbuste n&rsquo;\u00e9tait pas pertinent \u00e0 cet endroit. [&hellip;]<\/p>\n","protected":false},"author":1,"featured_media":0,"parent":0,"menu_order":0,"comment_status":"closed","ping_status":"closed","template":"","meta":{"_et_pb_use_builder":"on","_et_pb_old_content":""},"_links":{"self":[{"href":"https:\/\/arboripaysage.fr\/index.php\/wp-json\/wp\/v2\/pages\/474"}],"collection":[{"href":"https:\/\/arboripaysage.fr\/index.php\/wp-json\/wp\/v2\/pages"}],"about":[{"href":"https:\/\/arboripaysage.fr\/index.php\/wp-json\/wp\/v2\/types\/page"}],"author":[{"embeddable":true,"href":"https:\/\/arboripaysage.fr\/index.php\/wp-json\/wp\/v2\/users\/1"}],"replies":[{"embeddable":true,"href":"https:\/\/arboripaysage.fr\/index.php\/wp-json\/wp\/v2\/comments?post=474"}],"version-history":[{"count":5,"href":"https:\/\/arboripaysage.fr\/index.php\/wp-json\/wp\/v2\/pages\/474\/revisions"}],"predecessor-version":[{"id":590,"href":"https:\/\/arboripaysage.fr\/index.php\/wp-json\/wp\/v2\/pages\/474\/revisions\/590"}],"wp:attachment":[{"href":"https:\/\/arboripaysage.fr\/index.php\/wp-json\/wp\/v2\/media?parent=474"}],"curies":[{"name":"wp","href":"https:\/\/api.w.org\/{rel}","templated":true}]}}