{"id":37,"date":"2017-11-24T10:13:10","date_gmt":"2017-11-24T09:13:10","guid":{"rendered":"http:\/\/arboripaysage.fr\/?page_id=37"},"modified":"2021-12-06T16:42:03","modified_gmt":"2021-12-06T15:42:03","slug":"arboripaysage-jardinier-paysagiste-saint-omer","status":"publish","type":"page","link":"https:\/\/arboripaysage.fr\/","title":{"rendered":"Arboripaysage, votre jardinier paysagiste sur Houlle, Saint-Omer et l&rsquo;Audomarois."},"content":{"rendered":"<p>[et_pb_section fb_built=\u00a0\u00bb1&Prime; fullwidth=\u00a0\u00bbon\u00a0\u00bb _builder_version=\u00a0\u00bb3.0.47&Prime;][\/et_pb_section][et_pb_section fb_built=\u00a0\u00bb1&Prime; admin_label=\u00a0\u00bbsection\u00a0\u00bb _builder_version=\u00a0\u00bb3.0.74&Prime; background_color=\u00a0\u00bb#fcfcfc\u00a0\u00bb transparent_background=\u00a0\u00bboff\u00a0\u00bb][et_pb_row parallax_method_1=\u00a0\u00bboff\u00a0\u00bb parallax_method_2=\u00a0\u00bboff\u00a0\u00bb admin_label=\u00a0\u00bbrow\u00a0\u00bb _builder_version=\u00a0\u00bb3.0.47&Prime; background_color=\u00a0\u00bbrgba(255,255,255,0.68)\u00a0\u00bb background_size=\u00a0\u00bbinitial\u00a0\u00bb background_position=\u00a0\u00bbtop_left\u00a0\u00bb background_repeat=\u00a0\u00bbrepeat\u00a0\u00bb][et_pb_column type=\u00a0\u00bb2_3&Prime; _builder_version=\u00a0\u00bb3.0.47&Prime;][et_pb_gallery gallery_ids=\u00a0\u00bb113,117,114,455,115,116&Prime; fullwidth=\u00a0\u00bbon\u00a0\u00bb _builder_version=\u00a0\u00bb3.0.100&Prime; pagination_font_size_tablet=\u00a0\u00bb51&Prime; pagination_line_height_tablet=\u00a0\u00bb2&Prime; animation_style=\u00a0\u00bbfade\u00a0\u00bb auto=\u00a0\u00bbon\u00a0\u00bb auto_speed=\u00a0\u00bb3000&Prime;][\/et_pb_gallery][\/et_pb_column][et_pb_column type=\u00a0\u00bb1_3&Prime; _builder_version=\u00a0\u00bb3.0.47&Prime;][et_pb_image src=\u00a0\u00bbhttps:\/\/arboripaysage.fr\/wp-content\/uploads\/2018\/02\/logo-service-personne-50.png\u00a0\u00bb align=\u00a0\u00bbcenter\u00a0\u00bb _builder_version=\u00a0\u00bb3.0.100&Prime; max_width=\u00a0\u00bb20%\u00a0\u00bb][\/et_pb_image][et_pb_text _builder_version=\u00a0\u00bb3.0.100&Prime; text_font=\u00a0\u00bbgabriola|500|||||||\u00a0\u00bb text_font_size=\u00a0\u00bb11&Prime; text_line_height=\u00a0\u00bb1em\u00a0\u00bb header_font=\u00a0\u00bbgabriola||||||||\u00a0\u00bb header_text_align=\u00a0\u00bbjustify\u00a0\u00bb header_font_size=\u00a0\u00bb11px\u00a0\u00bb header_font_size_last_edited=\u00a0\u00bboff|\u00a0\u00bb header_line_height=\u00a0\u00bb1.8em\u00a0\u00bb header_2_font=\u00a0\u00bbgabriola||||||||\u00a0\u00bb background_image=\u00a0\u00bbhttp:\/\/arboripaysage.fr\/wp-content\/uploads\/2017\/11\/674128009.mp4&Prime; background_size=\u00a0\u00bbinitial\u00a0\u00bb background_position=\u00a0\u00bbtop_left\u00a0\u00bb background_repeat=\u00a0\u00bbrepeat\u00a0\u00bb border_color_all=\u00a0\u00bb#ffffff\u00a0\u00bb text_orientation=\u00a0\u00bbjustified\u00a0\u00bb module_alignment=\u00a0\u00bbcenter\u00a0\u00bb use_border_color=\u00a0\u00bboff\u00a0\u00bb]<\/p>\n<h1><strong>\u00a0\u00a0<span style=\"font-size: 14pt;\">\u00a0<em>Arboripaysage<\/em><\/span><\/strong><span style=\"font-size: 14pt;\">, votre<strong>\u00a0jardinier paysagiste \u00e9lagueur\u00a0<\/strong>est implant\u00e9 \u00e0\u00a0<em>Houlle<\/em> dans le Pas de Calais (62). Notre secteur allant de <em>Audruicq<\/em>, <em>Bollezeele<\/em>, <em>Wormhout<\/em> au nord <\/span><span style=\"font-size: 14pt;\">\u00e0\u00a0<em>Lumbres, Th\u00e9rouanne<\/em>, <em>Aire-sur-la-Lys <\/em>au sud en passant par <em>Ardres<\/em>, <em>Alquines<\/em> ou <em>Licques<\/em> \u00e0 l&rsquo;Ouest ou encore <em>Cassel<\/em>, <em>Renescure<\/em> ou <em>Blaringhem<\/em> \u00e0 l&rsquo;Est.<\/span><\/h1>\n<p>[\/et_pb_text][et_pb_text _builder_version=\u00a0\u00bb3.0.100&Prime; text_font=\u00a0\u00bbgabriola|500|||||||\u00a0\u00bb text_font_size=\u00a0\u00bb20&Prime; text_line_height=\u00a0\u00bb1em\u00a0\u00bb header_font=\u00a0\u00bbgabriola||||||||\u00a0\u00bb header_font_size=\u00a0\u00bb11px\u00a0\u00bb header_font_size_last_edited=\u00a0\u00bboff|\u00a0\u00bb header_2_font=\u00a0\u00bbgabriola||||||||\u00a0\u00bb background_image=\u00a0\u00bbhttp:\/\/arboripaysage.fr\/wp-content\/uploads\/2017\/11\/674128009.mp4&Prime; background_size=\u00a0\u00bbinitial\u00a0\u00bb background_position=\u00a0\u00bbtop_left\u00a0\u00bb background_repeat=\u00a0\u00bbrepeat\u00a0\u00bb border_color_all=\u00a0\u00bb#ffffff\u00a0\u00bb text_orientation=\u00a0\u00bbjustified\u00a0\u00bb module_alignment=\u00a0\u00bbcenter\u00a0\u00bb use_border_color=\u00a0\u00bboff\u00a0\u00bb]<strong>\u00a0<\/strong><span style=\"font-size: 14pt;\">Que vous soyez un particulier, une entreprise ou une collectivit\u00e9, la mission de notre \u00e9quipe de <strong>jardiniers paysagistes \u00e9lagueurs professionnels<\/strong> reste la m\u00eame\u00a0:\u00a0<\/span><strong><span style=\"font-size: 14pt;\">Valoriser\u00a0<\/span><\/strong><em><span style=\"font-size: 14pt;\">vos parcs et jardins. <\/span><\/em><strong><span style=\"font-size: 14pt;\">Respecter <\/span><\/strong><span style=\"font-size: 14pt;\"><em>le v\u00e9g\u00e9tal vivant. <\/em><\/span><span style=\"font-size: 14pt;\"><strong>Apporter<\/strong> <em>toute notre exp\u00e9rience et savoir-faire pour transformer vos id\u00e9es en r\u00e9alit\u00e9.<\/em><\/span><\/p>\n<p><span style=\"font-size: 14pt;\">\u00a0 \u00a0 \u00a0Pour y parvenir nous sommes form\u00e9s, dipl\u00f4m\u00e9s\u00a0<em>en Am\u00e9nagement Paysager<\/em> et <em>titulaires d&rsquo;un certificat de sp\u00e9cialisation en taille et soin des arbres.\u00a0<\/em><\/span><span style=\"font-size: 14pt;\">Nous sommes entour\u00e9s de<em> gens\u00a0qualifi\u00e9s <\/em>chacun dans son domaine<em>,\u00a0des gens passionn\u00e9s <\/em>par le v\u00e9g\u00e9tal\u00a0pr\u00eats \u00e0 mettre \u00e0 disposition <strong>leur rigueur, leur patience et leur go\u00fbt des choses bien faites.<\/strong><\/span><br \/>\n[\/et_pb_text][\/et_pb_column][\/et_pb_row][et_pb_row _builder_version=\u00a0\u00bb3.0.48&Prime; background_size=\u00a0\u00bbinitial\u00a0\u00bb background_position=\u00a0\u00bbtop_left\u00a0\u00bb background_repeat=\u00a0\u00bbrepeat\u00a0\u00bb][et_pb_column type=\u00a0\u00bb4_4&Prime; _builder_version=\u00a0\u00bb3.0.47&Prime;][et_pb_text _builder_version=\u00a0\u00bb3.0.100&Prime; text_font=\u00a0\u00bbgabriola||||||||\u00a0\u00bb text_font_size=\u00a0\u00bb19&Prime; text_line_height=\u00a0\u00bb1em\u00a0\u00bb header_font_size=\u00a0\u00bb11px\u00a0\u00bb header_font_size_last_edited=\u00a0\u00bboff|\u00a0\u00bb background_image=\u00a0\u00bbhttp:\/\/arboripaysage.fr\/wp-content\/uploads\/2017\/11\/674128009.mp4&Prime; background_size=\u00a0\u00bbinitial\u00a0\u00bb background_position=\u00a0\u00bbtop_left\u00a0\u00bb background_repeat=\u00a0\u00bbrepeat\u00a0\u00bb border_color_all=\u00a0\u00bb#ffffff\u00a0\u00bb text_orientation=\u00a0\u00bbjustified\u00a0\u00bb module_alignment=\u00a0\u00bbcenter\u00a0\u00bb use_border_color=\u00a0\u00bboff\u00a0\u00bb]<span style=\"font-size: 14pt;\">\u00a0 \u00a0 \u00a0<strong>Pour la cr\u00e9ation d&rsquo;am\u00e9nagements ext\u00e9rieurs<\/strong>, de jardins int\u00e9rieurs de type patios ou terrasses, tous les styles sont envisageables selon votre convenance et les caract\u00e9ristiques de votre terrain : <strong>jardin min\u00e9ral, japonisant, bucolique, contemporain, gestion diff\u00e9renci\u00e9e&#8230;<\/strong> Apr\u00e8s <strong>un premier rendez-vous gratuit<\/strong> o\u00f9 l&rsquo;on \u00e9changera ensemble sur vos id\u00e9es, vos go\u00fbts et vos attentes, <span style=\"text-decoration: underline;\">une illustration de votre futur am\u00e9nagement vous sera pr\u00e9sent\u00e9e<\/span> afin de pouvoir vous projeter.<\/span><\/p>\n<p><span style=\"font-size: 14pt;\"><strong>\u00a0 \u00a0 \u00a0Pour l&rsquo;entretien<\/strong> de votre <em>gazon<\/em>, <em>le d\u00e9sherbage, la scarification, la taille ou plantation de haies, le nettoyage ext\u00e9rieur haute pression, le soufflage de feuilles, la pr\u00e9paration de sol, l&rsquo;amendement du sol<\/em>&#8230; un <strong>devis gratuit<\/strong> vous sera syst\u00e9matiquement pr\u00e9sent\u00e9 avant toute intervention.<\/span><\/p>\n<p><span style=\"font-size: 14pt;\">\u00a0 \u00a0 \u00a0Selon vos besoins nous pourrons vous proposer <strong>un contrat d&rsquo;entretien annuel ou du service ponctuel<\/strong>. De plus, dans le cas de particuliers et selon une liste officielle de travaux, nous pourrons vous faire <strong>b\u00e9n\u00e9ficier de <span style=\"text-decoration: underline;\"><em>r\u00e9ductions fiscales<\/em><\/span> \u00e0 hauteur de <span style=\"text-decoration: underline;\"><em>50%<\/em><\/span>.<\/strong><\/span><\/p>\n<p><span style=\"font-size: 14pt;\"><strong>\u00a0 \u00a0 \u00a0Pour l&rsquo;\u00e9lagage et les soins aux arbres<\/strong>, nous \u00e9tudions et intervenons sur <span style=\"text-decoration: underline;\">tous types de situations et sur toutes hauteurs<\/span> sans jamais oublier qu&rsquo;un arbre est vivant et que l&rsquo;on se doit de le respecter.<\/span><\/p>\n<p><span style=\"font-size: 14pt;\">Travaillant toujours dans le plus grand respect de la nature, le <strong>dessouchage, paillage, compostage et broyage des d\u00e9chets<\/strong> seront toujours propos\u00e9s afin de valoriser les r\u00e9manents du jardin, v\u00e9ritable <strong>richesse du jardinier.<\/strong><\/span><\/p>\n<p><span style=\"font-size: 14pt;\">N&rsquo;h\u00e9sitez pas, appelez <strong>Arboripaysage<\/strong>\u00a0au <strong>06 71 71 46 45<\/strong> pour obtenir rapidement une \u00e9tude de votre projet.<\/span><br \/>\n[\/et_pb_text][\/et_pb_column][\/et_pb_row][\/et_pb_section]<\/p>\n","protected":false},"excerpt":{"rendered":"<p>[et_pb_section fb_built=\u00a0\u00bb1&Prime; fullwidth=\u00a0\u00bbon\u00a0\u00bb _builder_version=\u00a0\u00bb3.0.47&Prime;][\/et_pb_section][et_pb_section fb_built=\u00a0\u00bb1&Prime; admin_label=\u00a0\u00bbsection\u00a0\u00bb _builder_version=\u00a0\u00bb3.0.74&Prime; background_color=\u00a0\u00bb#fcfcfc\u00a0\u00bb transparent_background=\u00a0\u00bboff\u00a0\u00bb][et_pb_row parallax_method_1=\u00a0\u00bboff\u00a0\u00bb parallax_method_2=\u00a0\u00bboff\u00a0\u00bb admin_label=\u00a0\u00bbrow\u00a0\u00bb _builder_version=\u00a0\u00bb3.0.47&Prime; background_color=\u00a0\u00bbrgba(255,255,255,0.68)\u00a0\u00bb background_size=\u00a0\u00bbinitial\u00a0\u00bb background_position=\u00a0\u00bbtop_left\u00a0\u00bb background_repeat=\u00a0\u00bbrepeat\u00a0\u00bb][et_pb_column type=\u00a0\u00bb2_3&Prime; _builder_version=\u00a0\u00bb3.0.47&Prime;][et_pb_gallery gallery_ids=\u00a0\u00bb113,117,114,455,115,116&Prime; fullwidth=\u00a0\u00bbon\u00a0\u00bb _builder_version=\u00a0\u00bb3.0.100&Prime; pagination_font_size_tablet=\u00a0\u00bb51&Prime; pagination_line_height_tablet=\u00a0\u00bb2&Prime; animation_style=\u00a0\u00bbfade\u00a0\u00bb auto=\u00a0\u00bbon\u00a0\u00bb auto_speed=\u00a0\u00bb3000&Prime;][\/et_pb_gallery][\/et_pb_column][et_pb_column type=\u00a0\u00bb1_3&Prime; _builder_version=\u00a0\u00bb3.0.47&Prime;][et_pb_image src=\u00a0\u00bbhttps:\/\/arboripaysage.fr\/wp-content\/uploads\/2018\/02\/logo-service-personne-50.png\u00a0\u00bb align=\u00a0\u00bbcenter\u00a0\u00bb _builder_version=\u00a0\u00bb3.0.100&Prime; max_width=\u00a0\u00bb20%\u00a0\u00bb][\/et_pb_image][et_pb_text _builder_version=\u00a0\u00bb3.0.100&Prime; text_font=\u00a0\u00bbgabriola|500|||||||\u00a0\u00bb text_font_size=\u00a0\u00bb11&Prime; text_line_height=\u00a0\u00bb1em\u00a0\u00bb header_font=\u00a0\u00bbgabriola||||||||\u00a0\u00bb header_text_align=\u00a0\u00bbjustify\u00a0\u00bb header_font_size=\u00a0\u00bb11px\u00a0\u00bb header_font_size_last_edited=\u00a0\u00bboff|\u00a0\u00bb header_line_height=\u00a0\u00bb1.8em\u00a0\u00bb header_2_font=\u00a0\u00bbgabriola||||||||\u00a0\u00bb background_image=\u00a0\u00bbhttp:\/\/arboripaysage.fr\/wp-content\/uploads\/2017\/11\/674128009.mp4&Prime; background_size=\u00a0\u00bbinitial\u00a0\u00bb background_position=\u00a0\u00bbtop_left\u00a0\u00bb background_repeat=\u00a0\u00bbrepeat\u00a0\u00bb border_color_all=\u00a0\u00bb#ffffff\u00a0\u00bb text_orientation=\u00a0\u00bbjustified\u00a0\u00bb module_alignment=\u00a0\u00bbcenter\u00a0\u00bb use_border_color=\u00a0\u00bboff\u00a0\u00bb] \u00a0\u00a0\u00a0Arboripaysage, votre\u00a0jardinier paysagiste \u00e9lagueur\u00a0est [&hellip;]<\/p>\n","protected":false},"author":1,"featured_media":0,"parent":0,"menu_order":0,"comment_status":"closed","ping_status":"closed","template":"","meta":{"_et_pb_use_builder":"on","_et_pb_old_content":""},"_links":{"self":[{"href":"https:\/\/arboripaysage.fr\/index.php\/wp-json\/wp\/v2\/pages\/37"}],"collection":[{"href":"https:\/\/arboripaysage.fr\/index.php\/wp-json\/wp\/v2\/pages"}],"about":[{"href":"https:\/\/arboripaysage.fr\/index.php\/wp-json\/wp\/v2\/types\/page"}],"author":[{"embeddable":true,"href":"https:\/\/arboripaysage.fr\/index.php\/wp-json\/wp\/v2\/users\/1"}],"replies":[{"embeddable":true,"href":"https:\/\/arboripaysage.fr\/index.php\/wp-json\/wp\/v2\/comments?post=37"}],"version-history":[{"count":152,"href":"https:\/\/arboripaysage.fr\/index.php\/wp-json\/wp\/v2\/pages\/37\/revisions"}],"predecessor-version":[{"id":768,"href":"https:\/\/arboripaysage.fr\/index.php\/wp-json\/wp\/v2\/pages\/37\/revisions\/768"}],"wp:attachment":[{"href":"https:\/\/arboripaysage.fr\/index.php\/wp-json\/wp\/v2\/media?parent=37"}],"curies":[{"name":"wp","href":"https:\/\/api.w.org\/{rel}","templated":true}]}}